{"version":"1.0","provider_name":"Carrefour International","provider_url":"https:\/\/cintl.org\/fr\/","author_name":"Charline Caro","author_url":"https:\/\/cintl.org\/fr\/blog\/author\/charline-caro\/","title":"C\u00e9l\u00e9brons la Journ\u00e9e Internationale des Femmes 2023 - Carrefour International","type":"rich","width":600,"height":338,"html":"<blockquote class=\"wp-embedded-content\" data-secret=\"yph1WR7Cdb\"><a href=\"https:\/\/cintl.org\/fr\/blog\/journee-internationale-des-femmes-2023-jif\/\">C\u00e9l\u00e9brons la Journ\u00e9e Internationale des Femmes 2023<\/a><\/blockquote><iframe sandbox=\"allow-scripts\" security=\"restricted\" src=\"https:\/\/cintl.org\/fr\/blog\/journee-internationale-des-femmes-2023-jif\/embed\/#?secret=yph1WR7Cdb\" width=\"600\" height=\"338\" title=\"\u00ab\u00a0C\u00e9l\u00e9brons la Journ\u00e9e Internationale des Femmes 2023\u00a0\u00bb &#8212; Carrefour International\" data-secret=\"yph1WR7Cdb\" frameborder=\"0\" marginwidth=\"0\" marginheight=\"0\" scrolling=\"no\" class=\"wp-embedded-content\"><\/iframe><script type=\"text\/javascript\">\n\/* <![CDATA[ *\/\n\/*! This file is auto-generated *\/\n!function(d,l){\"use strict\";l.querySelector&&d.addEventListener&&\"undefined\"!=typeof URL&&(d.wp=d.wp||{},d.wp.receiveEmbedMessage||(d.wp.receiveEmbedMessage=function(e){var t=e.data;if((t||t.secret||t.message||t.value)&&!\/[^a-zA-Z0-9]\/.test(t.secret)){for(var s,r,n,a=l.querySelectorAll('iframe[data-secret=\"'+t.secret+'\"]'),o=l.querySelectorAll('blockquote[data-secret=\"'+t.secret+'\"]'),c=new RegExp(\"^https?:$\",\"i\"),i=0;i<o.length;i++)o[i].style.display=\"none\";for(i=0;i<a.length;i++)s=a[i],e.source===s.contentWindow&&(s.removeAttribute(\"style\"),\"height\"===t.message?(1e3<(r=parseInt(t.value,10))?r=1e3:~~r<200&&(r=200),s.height=r):\"link\"===t.message&&(r=new URL(s.getAttribute(\"src\")),n=new URL(t.value),c.test(n.protocol))&&n.host===r.host&&l.activeElement===s&&(d.top.location.href=t.value))}},d.addEventListener(\"message\",d.wp.receiveEmbedMessage,!1),l.addEventListener(\"DOMContentLoaded\",function(){for(var e,t,s=l.querySelectorAll(\"iframe.wp-embedded-content\"),r=0;r<s.length;r++)(t=(e=s[r]).getAttribute(\"data-secret\"))||(t=Math.random().toString(36).substring(2,12),e.src+=\"#?secret=\"+t,e.setAttribute(\"data-secret\",t)),e.contentWindow.postMessage({message:\"ready\",secret:t},\"*\")},!1)))}(window,document);\n\/* ]]> *\/\n<\/script>\n","thumbnail_url":"https:\/\/cintl.org\/wp-content\/uploads\/2023\/03\/DSC09841-scaled.jpg","thumbnail_width":2048,"thumbnail_height":1366,"description":"Le mois de mars est l\u00e0, et nous apporte l\u2019une des journ\u00e9es les plus importantes pour Carrefour International et un grand nombre de personnes sensibles \u00e0 l\u2019\u00e9galit\u00e9 des genres. Lire la suite"}